{"id":4847,"date":"2024-04-10T08:23:56","date_gmt":"2024-04-10T05:23:56","guid":{"rendered":"https:\/\/kopar.fi\/?page_id=4847"},"modified":"2026-08-19T17:27:38","modified_gmt":"2026-08-19T14:27:38","slug":"insights","status":"publish","type":"page","link":"https:\/\/kopar.fi\/en\/ajankohtaista\/","title":{"rendered":"Insights"},"content":{"rendered":"<div id=\"hero-block_7e61f48a13510d94a544961fc169808d\" class=\"hero default alignfull\">\n\t<picture class=\"hero__image\">\n\t\t<source media=\"(min-width: 830px)\" srcset=\"https:\/\/kopar.fi\/wp-content\/uploads\/2023\/02\/kopar-references-2004x668.jpg\"><source media=\"(min-width: 450px)\" srcset=\"https:\/\/kopar.fi\/wp-content\/uploads\/2023\/02\/kopar-references-1504x940.jpg\"><img fetchpriority=\"high\" decoding=\"async\" width=\"750\" height=\"750\" src=\"https:\/\/kopar.fi\/wp-content\/uploads\/2023\/02\/kopar-references-750x750.jpg\" class=\"attachment-square--md size-square--md hero__picture\" alt=\"\" sizes=\"100vw\" loading=\"eager\" srcset=\"https:\/\/kopar.fi\/wp-content\/uploads\/2023\/02\/kopar-references-750x750.jpg 750w, https:\/\/kopar.fi\/wp-content\/uploads\/2023\/02\/kopar-references-150x150.jpg 150w\" \/>\t<\/picture>\n\t\t<div class=\"hero__content\">\n\t\t<div class=\"hero__content__first\">\n\t\t\t<h1 class=\"hero__title\">Ajankohtaista<\/h1>\t\t<\/div>\n\t<\/div>\n<\/div>\n\n\n\n<h2 class=\"wp-block-heading\">Uutiset &amp; tapahtumat<\/h2>\n\n\n\n<section id=\"sisaltolista-block_3c38eb9147c27d78cc9d3cd605f019e6\" class=\"sisaltolista block-sisaltolista alignwide row4\" data-ajax-url=\"https:\/\/kopar.fi\/wp-admin\/admin-ajax.php\" data-nonce=\"950dc95b80\" data-config=\"{&quot;postType&quot;:[&quot;post&quot;],&quot;perPage&quot;:4,&quot;orderby&quot;:&quot;date&quot;,&quot;order&quot;:&quot;DESC&quot;,&quot;baseTaxQuery&quot;:[{&quot;taxonomy&quot;:&quot;category&quot;,&quot;terms&quot;:[220,58,213,206]}],&quot;excludePost&quot;:4847,&quot;template&quot;:&quot;row4&quot;,&quot;highlightFirst&quot;:&quot;&quot;,&quot;orientation&quot;:&quot;column&quot;,&quot;showDate&quot;:false,&quot;showCategories&quot;:false,&quot;showTags&quot;:false,&quot;showResponsibility&quot;:false,&quot;teaserBgColor&quot;:false,&quot;readMoreLabel&quot;:&quot;&quot;}\" data-config-hash=\"0aac8e16dbbe3e3144df0d98704addf2\" data-total-pages=\"3\" data-current-page=\"1\" data-has-load-more=\"true\">\n\t<div class=\"sisaltolista__inner\">\n\t\t\n\t\t\n\t\t\t\t\t<div class=\"sisaltolista__grid\">\n\t\t\t\t\t\t<article class=\"sisaltolista__item sisaltolista__item--post\">\n\t\t\t<a class=\"sisaltolista__card-link\" href=\"https:\/\/kopar.fi\/en\/kopar-vaativan-materiankasittelyn-asiantuntija\/\">\n\t\t\t\t<span class=\"screen-reader-text\">Kopar \u2013 vaativan materiank\u00e4sittelyn asiantuntija<\/span>\n\t\t\t<\/a>\n\t\t\t\t\t\t\t<div class=\"sisaltolista__image\">\n\t\t\t\t\t<img loading=\"lazy\" decoding=\"async\" width=\"744\" height=\"465\" src=\"https:\/\/kopar.fi\/wp-content\/uploads\/2026\/03\/dsf0279-744x465.jpg\" class=\"attachment-normal--md size-normal--md\" alt=\"\" sizes=\"auto, 100vw\" srcset=\"https:\/\/kopar.fi\/wp-content\/uploads\/2026\/03\/dsf0279-744x465.jpg 744w, https:\/\/kopar.fi\/wp-content\/uploads\/2026\/03\/dsf0279-1504x940.jpg 1504w\" \/>\t\t\t\t<\/div>\n\t\t\t\n\t\t\t<div class=\"sisaltolista__content\">\n\t\t\t\t\n\t\t\t\t\n\t\t\t\t<h3 class=\"sisaltolista__title\">Kopar \u2013 vaativan materiank\u00e4sittelyn asiantuntija<\/h3>\n\n\t\t\t\t\t\t\t\t\n\t\t\t\t\t\t\t\t\t<p class=\"sisaltolista__excerpt\">Kopar on enemm\u00e4n kuin kuljetinratkaisuiden toimittaja. Se on kansainv\u00e4lisesti toimiva teknologiatalo, joka suunnittelee ja valmistaa materiaalink\u00e4sittelyj\u00e4rjestelmi\u00e4 vaativiin teollisuusymp\u00e4rist\u00f6ihin.<\/p>\n\t\t\t\t\n\t\t\t\t\t\t\t\t<span class=\"sisaltolista__button\">Lue lis\u00e4\u00e4<\/span>\n\t\t\t<\/div>\n\t\t<\/article>\n\t\t\t\t<article class=\"sisaltolista__item sisaltolista__item--post\">\n\t\t\t<a class=\"sisaltolista__card-link\" href=\"https:\/\/kopar.fi\/en\/koelaitoksen-laajennus\/\">\n\t\t\t\t<span class=\"screen-reader-text\">Koelaitoksen laajennus<\/span>\n\t\t\t<\/a>\n\t\t\t\t\t\t\t<div class=\"sisaltolista__image\">\n\t\t\t\t\t<img loading=\"lazy\" decoding=\"async\" width=\"744\" height=\"465\" src=\"https:\/\/kopar.fi\/wp-content\/uploads\/2025\/11\/koelaitos_20251110_095004-744x465.jpg\" class=\"attachment-normal--md size-normal--md\" alt=\"\" sizes=\"auto, 100vw\" srcset=\"https:\/\/kopar.fi\/wp-content\/uploads\/2025\/11\/koelaitos_20251110_095004-744x465.jpg 744w, https:\/\/kopar.fi\/wp-content\/uploads\/2025\/11\/koelaitos_20251110_095004-1504x940.jpg 1504w\" \/>\t\t\t\t<\/div>\n\t\t\t\n\t\t\t<div class=\"sisaltolista__content\">\n\t\t\t\t\n\t\t\t\t\n\t\t\t\t<h3 class=\"sisaltolista__title\">Koelaitoksen laajennus<\/h3>\n\n\t\t\t\t\t\t\t\t\n\t\t\t\t\t\t\t\t\t<p class=\"sisaltolista__excerpt\">Kopar on laajentanut koelaitostaan tutkiakseen ja kehitt\u00e4\u00e4kseen uusia materiaalink\u00e4sittelyteknologioita, jotka tukevat kiertotaloutta. Teollisuuden sivuvirtojen hy\u00f6dynt\u00e4minen ja materiaalien kierr\u00e4tys ovat kasvava globaali tarve,&#8230;<\/p>\n\t\t\t\t\n\t\t\t\t\t\t\t\t<span class=\"sisaltolista__button\">Lue lis\u00e4\u00e4<\/span>\n\t\t\t<\/div>\n\t\t<\/article>\n\t\t\t\t<article class=\"sisaltolista__item sisaltolista__item--post\">\n\t\t\t<a class=\"sisaltolista__card-link\" href=\"https:\/\/kopar.fi\/en\/kopar-material-week-2025-tapahtumassa-kokkolassa\/\">\n\t\t\t\t<span class=\"screen-reader-text\">Kopar Material Week 2025 -tapahtumassa Kokkolassa<\/span>\n\t\t\t<\/a>\n\t\t\t\t\t\t\t<div class=\"sisaltolista__image\">\n\t\t\t\t\t<img loading=\"lazy\" decoding=\"async\" width=\"744\" height=\"465\" src=\"https:\/\/kopar.fi\/wp-content\/uploads\/2025\/10\/kokkola-material-week-2025-744x465.png\" class=\"attachment-normal--md size-normal--md\" alt=\"\" sizes=\"auto, 100vw\" srcset=\"https:\/\/kopar.fi\/wp-content\/uploads\/2025\/10\/kokkola-material-week-2025-744x465.png 744w, https:\/\/kopar.fi\/wp-content\/uploads\/2025\/10\/kokkola-material-week-2025-18x10.png 18w, https:\/\/kopar.fi\/wp-content\/uploads\/2025\/10\/kokkola-material-week-2025-1504x940.png 1504w\" \/>\t\t\t\t<\/div>\n\t\t\t\n\t\t\t<div class=\"sisaltolista__content\">\n\t\t\t\t\n\t\t\t\t\n\t\t\t\t<h3 class=\"sisaltolista__title\">Kopar Material Week 2025 -tapahtumassa Kokkolassa<\/h3>\n\n\t\t\t\t\t\t\t\t\n\t\t\t\t\t\t\t\t\t<p class=\"sisaltolista__excerpt\">Kopar on j\u00e4lleen mukana Kokkolassa j\u00e4rjestett\u00e4v\u00e4ss\u00e4 Material Week -tapahtumassa 11.\u201313. marraskuuta 2025. Tapahtuma kokoaa yhteen materiaalien, kiertotalouden ja prosessiteollisuuden asiantuntijat Suomesta ja maailmalta.<\/p>\n\t\t\t\t\n\t\t\t\t\t\t\t\t<span class=\"sisaltolista__button\">Lue lis\u00e4\u00e4<\/span>\n\t\t\t<\/div>\n\t\t<\/article>\n\t\t\t\t<article class=\"sisaltolista__item sisaltolista__item--post\">\n\t\t\t<a class=\"sisaltolista__card-link\" href=\"https:\/\/kopar.fi\/en\/kopar-mukana-copper-2025-tapahtumassa\/\">\n\t\t\t\t<span class=\"screen-reader-text\">Kopar mukana Copper 2025 -tapahtumassa<\/span>\n\t\t\t<\/a>\n\t\t\t\t\t\t\t<div class=\"sisaltolista__image\">\n\t\t\t\t\t<img loading=\"lazy\" decoding=\"async\" width=\"744\" height=\"465\" src=\"https:\/\/kopar.fi\/wp-content\/uploads\/2025\/10\/copper-2025-744x465.png\" class=\"attachment-normal--md size-normal--md\" alt=\"\" sizes=\"auto, 100vw\" srcset=\"https:\/\/kopar.fi\/wp-content\/uploads\/2025\/10\/copper-2025-744x465.png 744w, https:\/\/kopar.fi\/wp-content\/uploads\/2025\/10\/copper-2025-18x10.png 18w, https:\/\/kopar.fi\/wp-content\/uploads\/2025\/10\/copper-2025-1504x940.png 1504w\" \/>\t\t\t\t<\/div>\n\t\t\t\n\t\t\t<div class=\"sisaltolista__content\">\n\t\t\t\t\n\t\t\t\t\n\t\t\t\t<h3 class=\"sisaltolista__title\">Kopar mukana Copper 2025 -tapahtumassa<\/h3>\n\n\t\t\t\t\t\t\t\t\n\t\t\t\t\t\t\t\t\t<p class=\"sisaltolista__excerpt\">Kopar osallistuu Copper 2025 -tapahtumaan 16.\u201320. marraskuuta Arizonassa, Yhdysvalloissa. Tapahtuma kokoaa yhteen kuparisulattojen asiantuntijat ymp\u00e4ri maailmaa keskustelemaan alan uusimmista teknologioista ja kest\u00e4v\u00e4n tuotannon ratkaisuista.<\/p>\n\t\t\t\t\n\t\t\t\t\t\t\t\t<span class=\"sisaltolista__button\">Lue lis\u00e4\u00e4<\/span>\n\t\t\t<\/div>\n\t\t<\/article>\n\t\t\t\t\t<\/div>\n\n\t\t\t\t\t\t\t<div class=\"sisaltolista__load-more-wrap\">\n\t\t\t\t\t<button type=\"button\" class=\"sisaltolista__load-more\">Lataa lis\u00e4\u00e4<\/button>\n\t\t\t\t<\/div>\n\t\t\t\t\t\n\t\t\n\t\t<div class=\"sisaltolista__loading\" aria-hidden=\"true\" hidden>\n\t\t\t<span class=\"sisaltolista__spinner\"><\/span>\n\t\t<\/div>\n\t<\/div>\n<\/section>\n\n\n<h2 class=\"wp-block-heading\">Uratarinat<\/h2>\n\n\n\n<section id=\"sisaltolista-block_41dc9ec9f2cdaee50775168901f2407e\" class=\"sisaltolista block-sisaltolista alignwide row4\" data-ajax-url=\"https:\/\/kopar.fi\/wp-admin\/admin-ajax.php\" data-nonce=\"950dc95b80\" data-config=\"{&quot;postType&quot;:[&quot;post&quot;],&quot;perPage&quot;:4,&quot;orderby&quot;:&quot;date&quot;,&quot;order&quot;:&quot;DESC&quot;,&quot;baseTaxQuery&quot;:[{&quot;taxonomy&quot;:&quot;category&quot;,&quot;terms&quot;:[17,23]}],&quot;excludePost&quot;:4847,&quot;template&quot;:&quot;row4&quot;,&quot;highlightFirst&quot;:&quot;&quot;,&quot;orientation&quot;:&quot;column&quot;,&quot;showDate&quot;:false,&quot;showCategories&quot;:false,&quot;showTags&quot;:false,&quot;showResponsibility&quot;:false,&quot;teaserBgColor&quot;:false,&quot;readMoreLabel&quot;:&quot;&quot;}\" data-config-hash=\"078573cdbb86236232a0f4e45a5f89cf\" data-total-pages=\"3\" data-current-page=\"1\" data-has-load-more=\"true\">\n\t<div class=\"sisaltolista__inner\">\n\t\t\n\t\t\n\t\t\t\t\t<div class=\"sisaltolista__grid\">\n\t\t\t\t\t\t<article class=\"sisaltolista__item sisaltolista__item--post\">\n\t\t\t<a class=\"sisaltolista__card-link\" href=\"https:\/\/kopar.fi\/en\/heikki-myllymaki\/\">\n\t\t\t\t<span class=\"screen-reader-text\">Heikki Myllym\u00e4ki<\/span>\n\t\t\t<\/a>\n\t\t\t\t\t\t\t<div class=\"sisaltolista__image\">\n\t\t\t\t\t<img loading=\"lazy\" decoding=\"async\" width=\"744\" height=\"465\" src=\"https:\/\/kopar.fi\/wp-content\/uploads\/2025\/12\/heikkimyllymaki2025-kuva-744x465.jpg\" class=\"attachment-normal--md size-normal--md\" alt=\"\" sizes=\"auto, 100vw\" srcset=\"https:\/\/kopar.fi\/wp-content\/uploads\/2025\/12\/heikkimyllymaki2025-kuva-744x465.jpg 744w, https:\/\/kopar.fi\/wp-content\/uploads\/2025\/12\/heikkimyllymaki2025-kuva-1504x940.jpg 1504w\" \/>\t\t\t\t<\/div>\n\t\t\t\n\t\t\t<div class=\"sisaltolista__content\">\n\t\t\t\t\n\t\t\t\t\n\t\t\t\t<h3 class=\"sisaltolista__title\">Heikki Myllym\u00e4ki<\/h3>\n\n\t\t\t\t\t\t\t\t\n\t\t\t\t\t\t\t\t\t<p class=\"sisaltolista__excerpt\">P\u00e4\u00e4suunnittelija<\/p>\n\t\t\t\t\n\t\t\t\t\t\t\t\t<span class=\"sisaltolista__button\">Lue lis\u00e4\u00e4<\/span>\n\t\t\t<\/div>\n\t\t<\/article>\n\t\t\t\t<article class=\"sisaltolista__item sisaltolista__item--post\">\n\t\t\t<a class=\"sisaltolista__card-link\" href=\"https:\/\/kopar.fi\/en\/harri-talvensaari\/\">\n\t\t\t\t<span class=\"screen-reader-text\">Harri Talvensaari<\/span>\n\t\t\t<\/a>\n\t\t\t\t\t\t\t<div class=\"sisaltolista__image\">\n\t\t\t\t\t<img loading=\"lazy\" decoding=\"async\" width=\"744\" height=\"465\" src=\"https:\/\/kopar.fi\/wp-content\/uploads\/2025\/11\/harri-talvensaari-744x465.jpg\" class=\"attachment-normal--md size-normal--md\" alt=\"\" sizes=\"auto, 100vw\" srcset=\"https:\/\/kopar.fi\/wp-content\/uploads\/2025\/11\/harri-talvensaari-744x465.jpg 744w, https:\/\/kopar.fi\/wp-content\/uploads\/2025\/11\/harri-talvensaari-1504x940.jpg 1504w\" \/>\t\t\t\t<\/div>\n\t\t\t\n\t\t\t<div class=\"sisaltolista__content\">\n\t\t\t\t\n\t\t\t\t\n\t\t\t\t<h3 class=\"sisaltolista__title\">Harri Talvensaari<\/h3>\n\n\t\t\t\t\t\t\t\t\n\t\t\t\t\t\t\t\t\t<p class=\"sisaltolista__excerpt\">Myyntijohtaja<\/p>\n\t\t\t\t\n\t\t\t\t\t\t\t\t<span class=\"sisaltolista__button\">Lue lis\u00e4\u00e4<\/span>\n\t\t\t<\/div>\n\t\t<\/article>\n\t\t\t\t<article class=\"sisaltolista__item sisaltolista__item--post\">\n\t\t\t<a class=\"sisaltolista__card-link\" href=\"https:\/\/kopar.fi\/en\/esittelyssa-mika-rantanen-koparin-edustaja-ruotsissa\/\">\n\t\t\t\t<span class=\"screen-reader-text\">Esittelyss\u00e4 Mika Rantanen: Koparin edustaja Ruotsissa<\/span>\n\t\t\t<\/a>\n\t\t\t\t\t\t\t<div class=\"sisaltolista__image\">\n\t\t\t\t\t<img loading=\"lazy\" decoding=\"async\" width=\"744\" height=\"465\" src=\"https:\/\/kopar.fi\/wp-content\/uploads\/2025\/03\/mika-rantanen-kopar-ruotsi-744x465.jpeg\" class=\"attachment-normal--md size-normal--md\" alt=\"Mika Rantanen - Kopar Ruotsi\" sizes=\"auto, 100vw\" srcset=\"https:\/\/kopar.fi\/wp-content\/uploads\/2025\/03\/mika-rantanen-kopar-ruotsi-744x465.jpeg 744w, https:\/\/kopar.fi\/wp-content\/uploads\/2025\/03\/mika-rantanen-kopar-ruotsi-18x10.jpeg 18w, https:\/\/kopar.fi\/wp-content\/uploads\/2025\/03\/mika-rantanen-kopar-ruotsi-1504x940.jpeg 1504w\" \/>\t\t\t\t<\/div>\n\t\t\t\n\t\t\t<div class=\"sisaltolista__content\">\n\t\t\t\t\n\t\t\t\t\n\t\t\t\t<h3 class=\"sisaltolista__title\">Esittelyss\u00e4 Mika Rantanen: Koparin edustaja Ruotsissa<\/h3>\n\n\t\t\t\t\t\t\t\t\n\t\t\t\t\t\t\t\t\t<p class=\"sisaltolista__excerpt\">Mika Rantanen on mekaanisen suunnittelun ja teknisen myynnin kokenut asiantuntija, joka vahvistaa Koparin l\u00e4sn\u00e4oloa Pohjoismaiden markkinoilla.<\/p>\n\t\t\t\t\n\t\t\t\t\t\t\t\t<span class=\"sisaltolista__button\">Lue lis\u00e4\u00e4<\/span>\n\t\t\t<\/div>\n\t\t<\/article>\n\t\t\t\t<article class=\"sisaltolista__item sisaltolista__item--post\">\n\t\t\t<a class=\"sisaltolista__card-link\" href=\"https:\/\/kopar.fi\/en\/danilo-farri-vahvistaa-koparin-toimintaa-etela-amerikassa\/\">\n\t\t\t\t<span class=\"screen-reader-text\">Danilo Farri vahvistaa Koparin toimintaa Etel\u00e4-Amerikassa<\/span>\n\t\t\t<\/a>\n\t\t\t\t\t\t\t<div class=\"sisaltolista__image\">\n\t\t\t\t\t<img loading=\"lazy\" decoding=\"async\" width=\"601\" height=\"465\" src=\"https:\/\/kopar.fi\/wp-content\/uploads\/2025\/03\/danilo_kuvitus-1-601x465.jpeg\" class=\"attachment-normal--md size-normal--md\" alt=\"Danilo Farri\" sizes=\"auto, 100vw\" \/>\t\t\t\t<\/div>\n\t\t\t\n\t\t\t<div class=\"sisaltolista__content\">\n\t\t\t\t\n\t\t\t\t\n\t\t\t\t<h3 class=\"sisaltolista__title\">Danilo Farri vahvistaa Koparin toimintaa Etel\u00e4-Amerikassa<\/h3>\n\n\t\t\t\t\t\t\t\t\n\t\t\t\t\t\t\t\t\t<p class=\"sisaltolista__excerpt\">Danilo Farrin yli kahden vuosikymmenen kokemus suunnittelusta ja projektinhallinnasta tukee Koparin laajentumista Chileen ja Etel\u00e4-Amerikkaan.<\/p>\n\t\t\t\t\n\t\t\t\t\t\t\t\t<span class=\"sisaltolista__button\">Lue lis\u00e4\u00e4<\/span>\n\t\t\t<\/div>\n\t\t<\/article>\n\t\t\t\t\t<\/div>\n\n\t\t\t\t\t\t\t<div class=\"sisaltolista__load-more-wrap\">\n\t\t\t\t\t<button type=\"button\" class=\"sisaltolista__load-more\">Lataa lis\u00e4\u00e4<\/button>\n\t\t\t\t<\/div>\n\t\t\t\t\t\n\t\t\n\t\t<div class=\"sisaltolista__loading\" aria-hidden=\"true\" hidden>\n\t\t\t<span class=\"sisaltolista__spinner\"><\/span>\n\t\t<\/div>\n\t<\/div>\n<\/section>","protected":false},"excerpt":{"rendered":"<p>News &amp; events Career stories<\/p>","protected":false},"author":4,"featured_media":1188,"parent":0,"menu_order":0,"comment_status":"open","ping_status":"open","template":"","meta":{"_acf_changed":false,"footnotes":""},"categories":[],"class_list":["post-4847","page","type-page","status-publish","has-post-thumbnail","hentry"],"acf":[],"_links":{"self":[{"href":"https:\/\/kopar.fi\/en\/wp-json\/wp\/v2\/pages\/4847","targetHints":{"allow":["GET"]}}],"collection":[{"href":"https:\/\/kopar.fi\/en\/wp-json\/wp\/v2\/pages"}],"about":[{"href":"https:\/\/kopar.fi\/en\/wp-json\/wp\/v2\/types\/page"}],"author":[{"embeddable":true,"href":"https:\/\/kopar.fi\/en\/wp-json\/wp\/v2\/users\/4"}],"replies":[{"embeddable":true,"href":"https:\/\/kopar.fi\/en\/wp-json\/wp\/v2\/comments?post=4847"}],"version-history":[{"count":30,"href":"https:\/\/kopar.fi\/en\/wp-json\/wp\/v2\/pages\/4847\/revisions"}],"predecessor-version":[{"id":12278,"href":"https:\/\/kopar.fi\/en\/wp-json\/wp\/v2\/pages\/4847\/revisions\/12278"}],"wp:featuredmedia":[{"embeddable":true,"href":"https:\/\/kopar.fi\/en\/wp-json\/wp\/v2\/media\/1188"}],"wp:attachment":[{"href":"https:\/\/kopar.fi\/en\/wp-json\/wp\/v2\/media?parent=4847"}],"wp:term":[{"taxonomy":"category","embeddable":true,"href":"https:\/\/kopar.fi\/en\/wp-json\/wp\/v2\/categories?post=4847"}],"curies":[{"name":"wp","href":"https:\/\/api.w.org\/{rel}","templated":true}]}}